{"id":1462,"date":"2017-03-14T13:48:51","date_gmt":"2017-03-14T13:48:51","guid":{"rendered":"http:\/\/www.sensoryvalue.com\/a-propos\/nuestro-equipo\/"},"modified":"2017-05-10T14:56:45","modified_gmt":"2017-05-10T14:56:45","slug":"notre-equipe","status":"publish","type":"page","link":"https:\/\/www.sensoryvalue.com\/fr\/a-propos\/notre-equipe\/","title":{"rendered":"Notre \u00e9quipe"},"content":{"rendered":"<h2><\/h2>\n<p>&nbsp;<\/p>\n<h2>Membres fondateurs<\/h2>\n<div class='clearfix'>\n<div class='half'>\n<div class=\"left-col boxed\">\n<p><img loading=\"lazy\" decoding=\"async\" src=\"http:\/\/www.sensoryvalue.com\/wp-content\/uploads\/2017\/04\/Joan-Abante_2.jpg\" alt=\"Joan Abante Sensory Value\" width=\"2500\" height=\"3530\" \/><\/p>\n<div class=\"inner-box\">\n<h4>Joan Abante<\/h4>\n<h5>Directeur G\u00e9n\u00e9ral et cofondateur de Sensory Value<\/h5>\n<p><em>Docteur en Biochimie de l\u2019Universit\u00e9 de Barcelone. Sp\u00e9cialiste dans les m\u00e9thodes d\u2019\u00e9tude, de test de sensorialit\u00e9 et de gestion de projets de d\u00e9veloppement produit dans le secteur alimentaire. Il a \u00e9t\u00e9 Directeur Europ\u00e9en de Bestfoods Unilever et a fond\u00e9 Sensory Value en\u00a02000. \u00a0<\/em><\/p>\n<\/div>\n<\/div>\n<\/div>\n<div class='half last'>\n<div class=\"right-col boxed\">\n<p><img decoding=\"async\" src=\"http:\/\/www.sensoryvalue.com\/wp-content\/uploads\/2017\/03\/Jordi-Pongiluppi.jpg\" alt=\"Jordi Pongiluppi\" \/><\/p>\n<div class=\"inner-box\">\n<h4>Jordi Pongiluppi<\/h4>\n<h5>Directeur Technique et cofondateur de Sensory Value<\/h5>\n<p>Dipl\u00f4m\u00e9 en Ing\u00e9nierie Chimique de l\u2019Universit\u00e9 de Barcelone, vaste exp\u00e9rience dans les m\u00e9thodes d\u2019analyse quantitative appliqu\u00e9es aux produits pour le secteur de l\u2019alimentation et des boissons. Il a \u00e9t\u00e9 responsable R&amp;D de Bestfoods et a fond\u00e9 Sensory Value en\u00a02000.<\/p>\n<\/div>\n<\/div>\n<\/div>\n<\/div>\n<hr\/>\n<h2><strong>Direction Commerciale<\/strong><\/h2>\n","protected":false},"excerpt":{"rendered":"<p>&nbsp; Membres fondateurs Direction Commerciale<\/p>\n","protected":false},"author":4,"featured_media":0,"parent":1459,"menu_order":0,"comment_status":"closed","ping_status":"closed","template":"page-team.php","meta":{"_acf_changed":false,"footnotes":""},"class_list":["post-1462","page","type-page","status-publish","hentry"],"acf":[],"aioseo_notices":[],"_links":{"self":[{"href":"https:\/\/www.sensoryvalue.com\/fr\/wp-json\/wp\/v2\/pages\/1462","targetHints":{"allow":["GET"]}}],"collection":[{"href":"https:\/\/www.sensoryvalue.com\/fr\/wp-json\/wp\/v2\/pages"}],"about":[{"href":"https:\/\/www.sensoryvalue.com\/fr\/wp-json\/wp\/v2\/types\/page"}],"author":[{"embeddable":true,"href":"https:\/\/www.sensoryvalue.com\/fr\/wp-json\/wp\/v2\/users\/4"}],"replies":[{"embeddable":true,"href":"https:\/\/www.sensoryvalue.com\/fr\/wp-json\/wp\/v2\/comments?post=1462"}],"version-history":[{"count":13,"href":"https:\/\/www.sensoryvalue.com\/fr\/wp-json\/wp\/v2\/pages\/1462\/revisions"}],"predecessor-version":[{"id":2186,"href":"https:\/\/www.sensoryvalue.com\/fr\/wp-json\/wp\/v2\/pages\/1462\/revisions\/2186"}],"up":[{"embeddable":true,"href":"https:\/\/www.sensoryvalue.com\/fr\/wp-json\/wp\/v2\/pages\/1459"}],"wp:attachment":[{"href":"https:\/\/www.sensoryvalue.com\/fr\/wp-json\/wp\/v2\/media?parent=1462"}],"curies":[{"name":"wp","href":"https:\/\/api.w.org\/{rel}","templated":true}]}}